{"id":14199,"date":"2024-07-09T08:06:13","date_gmt":"2024-07-09T08:06:13","guid":{"rendered":"https:\/\/www.suptel.cz\/?page_id=14199"},"modified":"2024-07-09T09:11:32","modified_gmt":"2024-07-09T09:11:32","slug":"spolufinancovano-evropskou-unii","status":"publish","type":"page","link":"https:\/\/www.suptel.cz\/index.php\/spolufinancovano-evropskou-unii\/","title":{"rendered":"Spolufinancov\u00e1no Evropskou uni\u00ed"},"content":{"rendered":"<div data-colibri-id=\"14199-c1\" class=\"style-7376 style-local-14199-c1 position-relative\">\n  <!---->\n  <div data-colibri-component=\"section\" data-colibri-id=\"14199-c2\" id=\"custom\" class=\"h-section h-section-global-spacing d-flex align-items-lg-center align-items-md-center align-items-center style-7377 style-local-14199-c2 position-relative\">\n    <!---->\n    <!---->\n    <div class=\"h-section-grid-container h-section-boxed-container\">\n      <!---->\n      <div data-colibri-id=\"14199-c3\" class=\"h-row-container gutters-row-lg-1 gutters-row-md-1 gutters-row-0 gutters-row-v-lg-1 gutters-row-v-md-1 gutters-row-v-1 style-7400 style-local-14199-c3 position-relative\">\n        <!---->\n        <div class=\"h-row justify-content-lg-center justify-content-md-center justify-content-center align-items-lg-stretch align-items-md-stretch align-items-stretch gutters-col-lg-1 gutters-col-md-1 gutters-col-0 gutters-col-v-lg-1 gutters-col-v-md-1 gutters-col-v-1\">\n          <!---->\n          <div class=\"h-column h-column-container d-flex h-col-lg-auto h-col-md-auto h-col-auto style-7401-outer style-local-14199-c4-outer\">\n            <div data-colibri-id=\"14199-c4\" class=\"d-flex h-flex-basis h-column__inner h-px-lg-0 h-px-md-0 h-px-0 v-inner-lg-0 v-inner-md-0 v-inner-0 style-7401 style-local-14199-c4 position-relative\">\n              <!---->\n              <!---->\n              <div class=\"w-100 h-y-container h-column__content h-column__v-align flex-basis-100 align-self-lg-start align-self-md-start align-self-start\">\n                <!---->\n                <div data-colibri-id=\"14199-c5\" class=\"h-text h-text-component style-7403 style-local-14199-c5 position-relative h-element\">\n                  <!---->\n                  <!---->\n                  <div class=\"\">\n                    <p><strong>&nbsp; &nbsp; SUPTel a.s. &#8211; rozvoj zam\u011bstnanc\u016f<\/strong><\/p>\n                  <\/div>\n                <\/div>\n              <\/div>\n            <\/div>\n          <\/div>\n          <div class=\"h-column h-column-container d-flex h-col-lg-auto h-col-md-auto h-col-auto style-7402-outer style-local-14199-c6-outer\">\n            <div data-colibri-id=\"14199-c6\" class=\"d-flex h-flex-basis h-column__inner h-px-lg-0 h-px-md-0 h-px-0 v-inner-lg-0 v-inner-md-0 v-inner-0 style-7402 style-local-14199-c6 position-relative\">\n              <!---->\n              <!---->\n              <div class=\"w-100 h-y-container h-column__content h-column__v-align flex-basis-100 align-self-lg-start align-self-md-start align-self-start\">\n                <!---->\n                <div data-colibri-id=\"14199-c7\" class=\"h-text h-text-component style-7406 style-local-14199-c7 position-relative h-element\">\n                  <!---->\n                  <!---->\n                  <div class=\"\">\n                    <p><strong>&nbsp; &nbsp;GASSPO, spol. s r.o. &#8211; firemn\u00ed vzd\u011bl\u00e1v\u00e1n\u00ed<\/strong><\/p>\n                  <\/div>\n                <\/div>\n              <\/div>\n            <\/div>\n          <\/div>\n        <\/div>\n      <\/div>\n      <div data-colibri-id=\"14199-c8\" class=\"h-row-container gutters-row-lg-1 gutters-row-md-1 gutters-row-0 gutters-row-v-lg-1 gutters-row-v-md-1 gutters-row-v-1 style-7409 style-local-14199-c8 position-relative\">\n        <!---->\n        <div class=\"h-row justify-content-lg-center justify-content-md-center justify-content-center align-items-lg-stretch align-items-md-stretch align-items-stretch gutters-col-lg-1 gutters-col-md-1 gutters-col-0 gutters-col-v-lg-1 gutters-col-v-md-1 gutters-col-v-1\">\n          <!---->\n          <div class=\"h-column h-column-container d-flex h-col-lg-auto h-col-md-auto h-col-auto style-7410-outer style-local-14199-c9-outer\">\n            <div data-colibri-id=\"14199-c9\" class=\"d-flex h-flex-basis h-column__inner h-px-lg-2 h-px-md-2 h-px-2 v-inner-lg-2 v-inner-md-2 v-inner-2 style-7410 style-local-14199-c9 position-relative\">\n              <!---->\n              <!---->\n              <div class=\"w-100 h-y-container h-column__content h-column__v-align flex-basis-100 align-self-lg-start align-self-md-start align-self-start\">\n                <!---->\n                <div data-colibri-id=\"14199-c10\" class=\"d-block style-7412 style-local-14199-c10 position-relative h-element\">\n                  <!---->\n                  <div class=\"h-image__frame-container-outer\">\n                    <div class=\"h-image__frame-container\">\n                      <!---->\n                      <!---->\n                      <img decoding=\"async\" src=\"https:\/\/www.suptel.cz\/wp-content\/uploads\/2024\/07\/Vystrizek-300x74.jpg\" class=\"style-7412-image style-local-14199-c10-image\">\n                      <div class=\"h-image__frame h-hide-lg h-hide-md h-hide-sm style-7412-frameImage style-local-14199-c10-frameImage\"><\/div>\n                    <\/div>\n                  <\/div>\n                <\/div>\n              <\/div>\n            <\/div>\n          <\/div>\n          <div class=\"h-column h-column-container d-flex h-col-lg-auto h-col-md-auto h-col-auto style-7411-outer style-local-14199-c11-outer\">\n            <div data-colibri-id=\"14199-c11\" class=\"d-flex h-flex-basis h-column__inner h-px-lg-2 h-px-md-2 h-px-2 v-inner-lg-2 v-inner-md-2 v-inner-2 style-7411 style-local-14199-c11 position-relative\">\n              <!---->\n              <!---->\n              <div class=\"w-100 h-y-container h-column__content h-column__v-align flex-basis-100 align-self-lg-start align-self-md-start align-self-start\">\n                <!---->\n                <div data-colibri-id=\"14199-c12\" class=\"d-block style-7413 style-local-14199-c12 position-relative h-element\">\n                  <!---->\n                  <div class=\"h-image__frame-container-outer\">\n                    <div class=\"h-image__frame-container\">\n                      <!---->\n                      <!---->\n                      <img decoding=\"async\" src=\"https:\/\/www.suptel.cz\/wp-content\/uploads\/2024\/07\/Vystrizek-300x74.jpg\" class=\"style-7413-image style-local-14199-c12-image\">\n                      <div class=\"h-image__frame h-hide-lg h-hide-md h-hide-sm style-7413-frameImage style-local-14199-c12-frameImage\"><\/div>\n                    <\/div>\n                  <\/div>\n                <\/div>\n              <\/div>\n            <\/div>\n          <\/div>\n        <\/div>\n      <\/div>\n      <div data-colibri-id=\"14199-c13\" class=\"h-row-container gutters-row-lg-2 gutters-row-md-2 gutters-row-0 gutters-row-v-lg-2 gutters-row-v-md-2 gutters-row-v-2 style-7394 style-local-14199-c13 position-relative\">\n        <!---->\n        <div class=\"h-row justify-content-lg-center justify-content-md-center justify-content-center align-items-lg-stretch align-items-md-stretch align-items-stretch gutters-col-lg-2 gutters-col-md-2 gutters-col-0 gutters-col-v-lg-2 gutters-col-v-md-2 gutters-col-v-2\">\n          <!---->\n          <div class=\"h-column h-column-container d-flex h-col-lg-auto h-col-md-auto h-col-auto style-7395-outer style-local-14199-c14-outer\">\n            <div data-colibri-id=\"14199-c14\" class=\"d-flex h-flex-basis h-column__inner h-px-lg-2 h-px-md-2 h-px-2 v-inner-lg-2 v-inner-md-2 v-inner-2 style-7395 style-local-14199-c14 position-relative\">\n              <!---->\n              <!---->\n              <div class=\"w-100 h-y-container h-column__content h-column__v-align flex-basis-100 align-self-lg-start align-self-md-start align-self-start\">\n                <!---->\n                <div data-colibri-id=\"14199-c15\" class=\"h-text h-text-component style-7405 style-local-14199-c15 position-relative h-element\">\n                  <!---->\n                  <!---->\n                  <div class=\"\">\n                    <p>Jsme zapojeni do v\u00fdzvy 03_23_047 &#8222;PODNIKOV\u00c9 VZD\u011aL\u00c1V\u00c1N\u00cd (1)&#8220;, kter\u00e1 je spolufinancov\u00e1na Evropskou uni\u00ed. Hlavn\u00edm c\u00edlem&nbsp;v\u00fdzvy je zv\u00fd\u0161it \u00farove\u0148 znalost\u00ed&nbsp;a dovednost\u00ed zam\u011bstnanc\u016f, a zajistit tak soulad jejich kompetentnosti s\n                      po\u017eadavky na vykon\u00e1van\u00e9 pracovn\u00ed \u010dinnosti.<\/p>\n                    <p>V\u00fdzva je zahrnuta do programu OP Zam\u011bstnanost Plus 2021-2027 a jej\u00edm \u0159\u00edd\u00edc\u00edm org\u00e1nem je Ministerstvo pr\u00e1ce a soci\u00e1ln\u00edch v\u011bc\u00ed \u010cR.<\/p>\n                    <p>N\u00e1zev projektu je \u201eSUPTel a.s. &#8211; rozvoj zam\u011bstnanc\u016f\u201c.<\/p>\n                    <p>Projekt je zam\u011b\u0159en na dal\u0161\u00ed profesn\u00ed vzd\u011bl\u00e1v\u00e1n\u00ed zam\u011bstnanc\u016f \u2013 realizace vzd\u011bl\u00e1vac\u00edch kurz\u016f spojen\u00fdch s rozv\u00edjen\u00edm znalost\u00ed, schopnost\u00ed a dovednost\u00ed vy\u017eadovan\u00fdch pro v\u00fdkon ur\u010dit\u00e9ho povol\u00e1n\u00ed, a to s&nbsp;d\u016frazem na podporu osob star\u0161\u00edch\n                      55 let.<\/p>\n                    <p>Lid\u00e9 budou \u0161koleni v M\u011bkk\u00fdch dovednostech, Ekonomick\u00fdch znalostech a v&nbsp;Technick\u00e9m \/ Odborn\u00e9m vzd\u011bl\u00e1v\u00e1n\u00ed.<\/p>\n                    <p>N\u00e1\u0161 projekt bude finalizov\u00e1n v&nbsp;roce 2026 a po jeho ukon\u010den\u00ed se k&nbsp;n\u011bmu na sv\u00fdch str\u00e1nk\u00e1ch vr\u00e1t\u00edme s&nbsp;dopl\u0148uj\u00edc\u00edmi a up\u0159es\u0148uj\u00edc\u00edmi informacemi ohledn\u011b v\u00fdstup\u016f a dosa\u017een\u00fdch v\u00fdsledk\u016f.<\/p>\n                  <\/div>\n                <\/div>\n              <\/div>\n            <\/div>\n          <\/div>\n          <div class=\"h-column h-column-container d-flex h-col-lg-auto h-col-md-auto h-col-auto style-7396-outer style-local-14199-c16-outer\">\n            <div data-colibri-id=\"14199-c16\" class=\"d-flex h-flex-basis h-column__inner h-px-lg-2 h-px-md-2 h-px-2 v-inner-lg-2 v-inner-md-2 v-inner-2 style-7396 style-local-14199-c16 position-relative\">\n              <!---->\n              <!---->\n              <div class=\"w-100 h-y-container h-column__content h-column__v-align flex-basis-100 align-self-lg-start align-self-md-start align-self-start\">\n                <!---->\n                <div data-colibri-id=\"14199-c17\" class=\"h-text h-text-component style-7408 style-local-14199-c17 position-relative h-element\">\n                  <!---->\n                  <!---->\n                  <div class=\"\">\n                    <p>Jsme zapojeni do v\u00fdzvy 03_23_047 &#8222;PODNIKOV\u00c9 VZD\u011aL\u00c1V\u00c1N\u00cd (1)&#8220;, kter\u00e1 je spolufinancov\u00e1na Evropskou uni\u00ed. Hlavn\u00edm c\u00edlem&nbsp;v\u00fdzvy je zv\u00fd\u0161it \u00farove\u0148 znalost\u00ed a dovednost\u00ed zam\u011bstnanc\u016f, a zajistit tak soulad jejich kompetentnosti s po\u017eadavky&nbsp;na\n                      vykon\u00e1van\u00e9 pracovn\u00ed \u010dinnosti.<\/p>\n                    <p>V\u00fdzva je zahrnuta do programu OP Zam\u011bstnanost Plus 2021-2027 a jej\u00edm \u0159\u00edd\u00edc\u00edm org\u00e1nem je Ministerstvo pr\u00e1ce a soci\u00e1ln\u00edch v\u011bc\u00ed \u010cR.<\/p>\n                    <p>N\u00e1zev projektu je \u201eGASSPO, spol. s r.o. &#8211; firemn\u00ed vzd\u011bl\u00e1v\u00e1n\u00ed\u201c.<\/p>\n                    <p>Projekt je zam\u011b\u0159en na dal\u0161\u00ed profesn\u00ed vzd\u011bl\u00e1v\u00e1n\u00ed zam\u011bstnanc\u016f \u2013 realizace vzd\u011bl\u00e1vac\u00edch kurz\u016f spojen\u00fdch s rozv\u00edjen\u00edm znalost\u00ed, schopnost\u00ed a dovednost\u00ed vy\u017eadovan\u00fdch pro v\u00fdkon ur\u010dit\u00e9ho povol\u00e1n\u00ed, a to s&nbsp;d\u016frazem na podporu osob star\u0161\u00edch\n                      55 let.<\/p>\n                    <p>Lid\u00e9 budou \u0161koleni v M\u011bkk\u00fdch dovednostech, Ekonomick\u00fdch znalostech a v&nbsp;Technick\u00e9m \/ Odborn\u00e9m vzd\u011bl\u00e1v\u00e1n\u00ed.<\/p>\n                    <p>N\u00e1\u0161 projekt bude finalizov\u00e1n v&nbsp;roce 2026 a po jeho ukon\u010den\u00ed se k&nbsp;n\u011bmu na sv\u00fdch str\u00e1nk\u00e1ch vr\u00e1t\u00edme s&nbsp;dopl\u0148uj\u00edc\u00edmi a up\u0159es\u0148uj\u00edc\u00edmi informacemi ohledn\u011b v\u00fdstup\u016f a dosa\u017een\u00fdch v\u00fdsledk\u016f.<\/p>\n                  <\/div>\n                <\/div>\n              <\/div>\n            <\/div>\n          <\/div>\n        <\/div>\n      <\/div>\n      <div data-colibri-id=\"14199-c18\" class=\"h-row-container gutters-row-lg-1 gutters-row-md-1 gutters-row-0 gutters-row-v-lg-1 gutters-row-v-md-1 gutters-row-v-1 style-7378 style-local-14199-c18 position-relative\">\n        <!---->\n        <div class=\"h-row justify-content-lg-start justify-content-md-start justify-content-start align-items-lg-stretch align-items-md-stretch align-items-stretch gutters-col-lg-1 gutters-col-md-1 gutters-col-0 gutters-col-v-lg-1 gutters-col-v-md-1 gutters-col-v-1\">\n          <!---->\n          <div class=\"h-column h-column-container d-flex h-col-lg-auto h-col-md-auto h-col-auto style-7379-outer style-local-14199-c19-outer\">\n            <div data-colibri-id=\"14199-c19\" class=\"d-flex h-flex-basis h-column__inner h-px-lg-2 h-px-md-2 h-px-2 v-inner-lg-2 v-inner-md-2 v-inner-2 style-7379 style-local-14199-c19 position-relative\">\n              <!---->\n              <!---->\n              <div class=\"w-100 h-y-container h-column__content h-column__v-align flex-basis-100 align-self-lg-start align-self-md-start align-self-start\">\n                <!---->\n                <div data-colibri-component=\"widget-area\" data-colibri-id=\"14199-c20\" class=\"h-widget-area style-7392 style-local-14199-c20 position-relative h-element\">\n                  <!---->\n                  <div class=\"widget-shortcode h-global-transition-all\"><div id=\"block-4\" class=\"widget widget_block\">\n<div data-wp-interactive=\"core\/file\" class=\"wp-block-file\"><object data-wp-bind--hidden=\"!state.hasPdfPreview\" hidden class=\"wp-block-file__embed\" data=\"https:\/\/www.suptel.cz\/wp-content\/uploads\/2024\/07\/SUPTel-plakat-A3-1.pdf\" type=\"application\/pdf\" style=\"width:100%;height:600px\" aria-label=\"Vlo\u017eit z SUPTel-plakat-A3-1.\"><\/object><a id=\"wp-block-file--media-569f5dd3-f2a2-43a6-b316-272362323afd\" href=\"https:\/\/www.suptel.cz\/wp-content\/uploads\/2024\/07\/SUPTel-plakat-A3-1.pdf\">SUPTel-plakat-A3-1<\/a><a href=\"https:\/\/www.suptel.cz\/wp-content\/uploads\/2024\/07\/SUPTel-plakat-A3-1.pdf\" class=\"wp-block-file__button wp-element-button\" download aria-describedby=\"wp-block-file--media-569f5dd3-f2a2-43a6-b316-272362323afd\">St\u00e1hnout<\/a><\/div>\n<\/div><\/div>\n                <\/div>\n              <\/div>\n            <\/div>\n          <\/div>\n          <div class=\"h-column h-column-container d-flex h-col-lg-auto h-col-md-auto h-col-auto style-7380-outer style-local-14199-c21-outer\">\n            <div data-colibri-id=\"14199-c21\" class=\"d-flex h-flex-basis h-column__inner h-px-lg-2 h-px-md-2 h-px-2 v-inner-lg-2 v-inner-md-2 v-inner-2 style-7380 style-local-14199-c21 position-relative\">\n              <!---->\n              <!---->\n              <div class=\"w-100 h-y-container h-column__content h-column__v-align flex-basis-100 align-self-lg-start align-self-md-start align-self-start\">\n                <!---->\n                <div data-colibri-component=\"widget-area\" data-colibri-id=\"14199-c22\" class=\"h-widget-area style-7393 style-local-14199-c22 position-relative h-element\">\n                  <!---->\n                  <div class=\"widget-shortcode h-global-transition-all\"><div id=\"block-6\" class=\"widget widget_block\">\n<div data-wp-interactive=\"core\/file\" class=\"wp-block-file\"><object data-wp-bind--hidden=\"!state.hasPdfPreview\" hidden class=\"wp-block-file__embed\" data=\"https:\/\/www.suptel.cz\/wp-content\/uploads\/2024\/07\/GASSPO-plakat-A3-1.pdf\" type=\"application\/pdf\" style=\"width:100%;height:600px\" aria-label=\"Vlo\u017eit z GASSPO-plakat-A3-1.\"><\/object><a id=\"wp-block-file--media-bf0e5dc1-3da2-4376-88eb-324d75fa9ac3\" href=\"https:\/\/www.suptel.cz\/wp-content\/uploads\/2024\/07\/GASSPO-plakat-A3-1.pdf\">GASSPO-plakat-A3-1<\/a><a href=\"https:\/\/www.suptel.cz\/wp-content\/uploads\/2024\/07\/GASSPO-plakat-A3-1.pdf\" class=\"wp-block-file__button wp-element-button\" download aria-describedby=\"wp-block-file--media-bf0e5dc1-3da2-4376-88eb-324d75fa9ac3\">St\u00e1hnout<\/a><\/div>\n<\/div><\/div>\n                <\/div>\n              <\/div>\n            <\/div>\n          <\/div>\n        <\/div>\n      <\/div>\n    <\/div>\n  <\/div>\n  <div data-colibri-component=\"section\" data-colibri-id=\"14199-c31\" id=\"reusable-sections\" class=\"h-section h-section-global-spacing d-flex align-items-lg-start align-items-md-start align-items-start style-7414 style-local-14199-c31 position-relative\">\n    <!---->\n    <!---->\n    <div class=\"h-section-grid-container h-section-boxed-container\">\n      <div data-colibri-id=\"14199-c36\" class=\"h-row-container gutters-row-lg-1 gutters-row-md-1 gutters-row-0 gutters-row-v-lg-1 gutters-row-v-md-1 gutters-row-v-1 style-7419 style-local-14199-c36 position-relative\">\n        <!---->\n        <div class=\"h-row justify-content-lg-center justify-content-md-center justify-content-center align-items-lg-stretch align-items-md-stretch align-items-stretch gutters-col-lg-1 gutters-col-md-1 gutters-col-0 gutters-col-v-lg-1 gutters-col-v-md-1 gutters-col-v-1\">\n          <!---->\n          <div class=\"h-column h-column-container d-flex h-col-lg-auto h-col-md-auto h-col-auto style-7420-outer style-local-14199-c37-outer\">\n            <div data-colibri-id=\"14199-c37\" class=\"d-flex h-flex-basis h-column__inner h-px-lg-1 h-px-md-1 h-px-1 v-inner-lg-1 v-inner-md-1 v-inner-1 style-7420 style-local-14199-c37 position-relative\">\n              <!---->\n              <!---->\n              <div class=\"w-100 h-y-container h-column__content h-column__v-align flex-basis-100 align-self-lg-start align-self-md-start align-self-start\">\n                <!---->\n                <div data-colibri-id=\"14199-c38\" class=\"h-global-transition-all h-heading style-7421 style-local-14199-c38 position-relative h-element\">\n                  <!---->\n                  <div class=\"h-heading__outer style-7421 style-local-14199-c38\">\n                    <!---->\n                    <!---->\n                    <h3 class=\"\">PARTNE\u0158I<\/h3>\n                  <\/div>\n                <\/div>\n              <\/div>\n            <\/div>\n          <\/div>\n        <\/div>\n      <\/div>\n      <div data-colibri-id=\"14199-c32\" class=\"h-row-container gutters-row-lg-0 gutters-row-md-0 gutters-row-0 gutters-row-v-lg-0 gutters-row-v-md-0 gutters-row-v-0 style-7415 style-local-14199-c32 position-relative\">\n        <!---->\n        <div class=\"h-row justify-content-lg-center justify-content-md-center justify-content-center align-items-lg-stretch align-items-md-stretch align-items-stretch gutters-col-lg-0 gutters-col-md-0 gutters-col-0 gutters-col-v-lg-0 gutters-col-v-md-0 gutters-col-v-0\">\n          <!---->\n          <div class=\"h-column h-column-container d-flex h-col-lg-12 h-col-md-12 h-col-12 style-7416-outer style-local-14199-c33-outer\">\n            <div data-colibri-id=\"14199-c33\" class=\"d-flex h-flex-basis h-column__inner h-px-lg-0 h-px-md-0 h-px-0 v-inner-lg-0 v-inner-md-0 v-inner-0 style-7416 style-local-14199-c33 position-relative\">\n              <!---->\n              <!---->\n              <div class=\"w-100 h-y-container h-column__content h-column__v-align flex-basis-100 align-self-lg-start align-self-md-start align-self-start\">\n                <!---->\n                <div data-colibri-id=\"14199-c34\" class=\"d-block style-7417 style-local-14199-c34 position-relative h-element\">\n                  <!---->\n                  <div class=\"h-image__frame-container-outer\">\n                    <div class=\"h-image__frame-container\">\n                      <!---->\n                      <!---->\n                      <img loading=\"lazy\" decoding=\"async\" width=\"1479\" height=\"158\" src=\"http:\/\/www.suptel.cz\/wp-content\/uploads\/2021\/07\/partneri-1.png\" class=\"wp-image-606 style-7417-image style-local-14199-c34-image\" alt=\"\" srcset=\"https:\/\/www.suptel.cz\/wp-content\/uploads\/2021\/07\/partneri-1.png 1479w, https:\/\/www.suptel.cz\/wp-content\/uploads\/2021\/07\/partneri-1-300x32.png 300w, https:\/\/www.suptel.cz\/wp-content\/uploads\/2021\/07\/partneri-1-1024x109.png 1024w, https:\/\/www.suptel.cz\/wp-content\/uploads\/2021\/07\/partneri-1-768x82.png 768w\" sizes=\"auto, (max-width: 1479px) 100vw, 1479px\" \/>\n                      <div class=\"h-image__frame h-hide-lg h-hide-md h-hide-sm style-7417-frameImage style-local-14199-c34-frameImage\"><\/div>\n                    <\/div>\n                  <\/div>\n                <\/div>\n              <\/div>\n            <\/div>\n          <\/div>\n          <div class=\"h-column h-column-container d-flex h-col-lg-12 h-col-md-12 h-col-12 style-7418-outer style-local-14199-c35-outer\">\n            <div data-colibri-id=\"14199-c35\" class=\"d-flex h-flex-basis h-column__inner h-ui-empty-state-container h-px-lg-0 h-px-md-0 h-px-0 v-inner-lg-0 v-inner-md-0 v-inner-0 style-7418 style-local-14199-c35 position-relative\">\n              <!---->\n              <!---->\n              <div class=\"w-100 h-y-container h-column__content h-column__v-align flex-basis-100\">\n                <!---->\n              <\/div>\n            <\/div>\n          <\/div>\n        <\/div>\n      <\/div>\n    <\/div>\n  <\/div>\n<\/div>","protected":false},"excerpt":{"rendered":"<p>&nbsp; &nbsp; SUPTel a.s. &#8211; rozvoj zam\u011bstnanc\u016f &nbsp; &nbsp;GASSPO, spol. s r.o. &#8211; firemn\u00ed vzd\u011bl\u00e1v\u00e1n\u00ed Jsme zapojeni do v\u00fdzvy 03_23_047 &#8222;PODNIKOV\u00c9 VZD\u011aL\u00c1V\u00c1N\u00cd (1)&#8220;, kter\u00e1 je spolufinancov\u00e1na Evropskou uni\u00ed. Hlavn\u00edm c\u00edlem&nbsp;v\u00fdzvy je zv\u00fd\u0161it \u00farove\u0148 znalost\u00ed&nbsp;a dovednost\u00ed zam\u011bstnanc\u016f, a zajistit tak soulad jejich kompetentnosti s po\u017eadavky na vykon\u00e1van\u00e9 pracovn\u00ed \u010dinnosti. V\u00fdzva je zahrnuta do programu OP Zam\u011bstnanost [&hellip;]<\/p>\n","protected":false},"author":1,"featured_media":0,"parent":0,"menu_order":0,"comment_status":"closed","ping_status":"closed","template":"page-templates\/full-width-page.php","meta":{"footnotes":""},"class_list":["post-14199","page","type-page","status-publish","hentry"],"yoast_head":"<!-- This site is optimized with the Yoast SEO plugin v27.4 - https:\/\/yoast.com\/product\/yoast-seo-wordpress\/ -->\n<title>Spolufinancov\u00e1no Evropskou uni\u00ed - suptel.cz<\/title>\n<meta name=\"robots\" content=\"index, follow, max-snippet:-1, max-image-preview:large, max-video-preview:-1\" \/>\n<link rel=\"canonical\" href=\"https:\/\/www.suptel.cz\/index.php\/spolufinancovano-evropskou-unii\/\" \/>\n<meta property=\"og:locale\" content=\"cs_CZ\" \/>\n<meta property=\"og:type\" content=\"article\" \/>\n<meta property=\"og:title\" content=\"Spolufinancov\u00e1no Evropskou uni\u00ed - suptel.cz\" \/>\n<meta property=\"og:description\" content=\"&nbsp; &nbsp; SUPTel a.s. &#8211; rozvoj zam\u011bstnanc\u016f &nbsp; &nbsp;GASSPO, spol. s r.o. &#8211; firemn\u00ed vzd\u011bl\u00e1v\u00e1n\u00ed Jsme zapojeni do v\u00fdzvy 03_23_047 &#8222;PODNIKOV\u00c9 VZD\u011aL\u00c1V\u00c1N\u00cd (1)&#8220;, kter\u00e1 je spolufinancov\u00e1na Evropskou uni\u00ed. Hlavn\u00edm c\u00edlem&nbsp;v\u00fdzvy je zv\u00fd\u0161it \u00farove\u0148 znalost\u00ed&nbsp;a dovednost\u00ed zam\u011bstnanc\u016f, a zajistit tak soulad jejich kompetentnosti s po\u017eadavky na vykon\u00e1van\u00e9 pracovn\u00ed \u010dinnosti. V\u00fdzva je zahrnuta do programu OP Zam\u011bstnanost [&hellip;]\" \/>\n<meta property=\"og:url\" content=\"https:\/\/www.suptel.cz\/index.php\/spolufinancovano-evropskou-unii\/\" \/>\n<meta property=\"og:site_name\" content=\"suptel.cz\" \/>\n<meta property=\"article:modified_time\" content=\"2024-07-09T09:11:32+00:00\" \/>\n<meta property=\"og:image\" content=\"https:\/\/www.suptel.cz\/wp-content\/uploads\/2024\/07\/Vystrizek-300x74.jpg\" \/>\n<meta name=\"twitter:card\" content=\"summary_large_image\" \/>\n<meta name=\"twitter:label1\" content=\"Odhadovan\u00e1 doba \u010dten\u00ed\" \/>\n\t<meta name=\"twitter:data1\" content=\"2 minuty\" \/>\n<script type=\"application\/ld+json\" class=\"yoast-schema-graph\">{\"@context\":\"https:\\\/\\\/schema.org\",\"@graph\":[{\"@type\":\"WebPage\",\"@id\":\"https:\\\/\\\/www.suptel.cz\\\/index.php\\\/spolufinancovano-evropskou-unii\\\/\",\"url\":\"https:\\\/\\\/www.suptel.cz\\\/index.php\\\/spolufinancovano-evropskou-unii\\\/\",\"name\":\"Spolufinancov\u00e1no Evropskou uni\u00ed - suptel.cz\",\"isPartOf\":{\"@id\":\"https:\\\/\\\/www.suptel.cz\\\/#website\"},\"primaryImageOfPage\":{\"@id\":\"https:\\\/\\\/www.suptel.cz\\\/index.php\\\/spolufinancovano-evropskou-unii\\\/#primaryimage\"},\"image\":{\"@id\":\"https:\\\/\\\/www.suptel.cz\\\/index.php\\\/spolufinancovano-evropskou-unii\\\/#primaryimage\"},\"thumbnailUrl\":\"https:\\\/\\\/www.suptel.cz\\\/wp-content\\\/uploads\\\/2024\\\/07\\\/Vystrizek-300x74.jpg\",\"datePublished\":\"2024-07-09T08:06:13+00:00\",\"dateModified\":\"2024-07-09T09:11:32+00:00\",\"breadcrumb\":{\"@id\":\"https:\\\/\\\/www.suptel.cz\\\/index.php\\\/spolufinancovano-evropskou-unii\\\/#breadcrumb\"},\"inLanguage\":\"cs\",\"potentialAction\":[{\"@type\":\"ReadAction\",\"target\":[\"https:\\\/\\\/www.suptel.cz\\\/index.php\\\/spolufinancovano-evropskou-unii\\\/\"]}]},{\"@type\":\"ImageObject\",\"inLanguage\":\"cs\",\"@id\":\"https:\\\/\\\/www.suptel.cz\\\/index.php\\\/spolufinancovano-evropskou-unii\\\/#primaryimage\",\"url\":\"https:\\\/\\\/www.suptel.cz\\\/wp-content\\\/uploads\\\/2024\\\/07\\\/Vystrizek-300x74.jpg\",\"contentUrl\":\"https:\\\/\\\/www.suptel.cz\\\/wp-content\\\/uploads\\\/2024\\\/07\\\/Vystrizek-300x74.jpg\"},{\"@type\":\"BreadcrumbList\",\"@id\":\"https:\\\/\\\/www.suptel.cz\\\/index.php\\\/spolufinancovano-evropskou-unii\\\/#breadcrumb\",\"itemListElement\":[{\"@type\":\"ListItem\",\"position\":1,\"name\":\"Dom\u016f\",\"item\":\"https:\\\/\\\/www.suptel.cz\\\/index.php\\\/front-page-deutsch\\\/\"},{\"@type\":\"ListItem\",\"position\":2,\"name\":\"Spolufinancov\u00e1no Evropskou uni\u00ed\"}]},{\"@type\":\"WebSite\",\"@id\":\"https:\\\/\\\/www.suptel.cz\\\/#website\",\"url\":\"https:\\\/\\\/www.suptel.cz\\\/\",\"name\":\"suptel.cz\",\"description\":\"telekomunikace, energetika, stavebnictv\u00ed, doprava a bezpe\u010dnost\",\"publisher\":{\"@id\":\"https:\\\/\\\/www.suptel.cz\\\/#organization\"},\"potentialAction\":[{\"@type\":\"SearchAction\",\"target\":{\"@type\":\"EntryPoint\",\"urlTemplate\":\"https:\\\/\\\/www.suptel.cz\\\/?s={search_term_string}\"},\"query-input\":{\"@type\":\"PropertyValueSpecification\",\"valueRequired\":true,\"valueName\":\"search_term_string\"}}],\"inLanguage\":\"cs\"},{\"@type\":\"Organization\",\"@id\":\"https:\\\/\\\/www.suptel.cz\\\/#organization\",\"name\":\"SUPTel a.s.\",\"url\":\"https:\\\/\\\/www.suptel.cz\\\/\",\"logo\":{\"@type\":\"ImageObject\",\"inLanguage\":\"cs\",\"@id\":\"https:\\\/\\\/www.suptel.cz\\\/#\\\/schema\\\/logo\\\/image\\\/\",\"url\":\"https:\\\/\\\/www.suptel.cz\\\/wp-content\\\/uploads\\\/2021\\\/07\\\/SUPTel-claim-CZ-color-negativ-yellow-white_300.png\",\"contentUrl\":\"https:\\\/\\\/www.suptel.cz\\\/wp-content\\\/uploads\\\/2021\\\/07\\\/SUPTel-claim-CZ-color-negativ-yellow-white_300.png\",\"width\":307,\"height\":155,\"caption\":\"SUPTel a.s.\"},\"image\":{\"@id\":\"https:\\\/\\\/www.suptel.cz\\\/#\\\/schema\\\/logo\\\/image\\\/\"}}]}<\/script>\n<!-- \/ Yoast SEO plugin. -->","yoast_head_json":{"title":"Spolufinancov\u00e1no Evropskou uni\u00ed - suptel.cz","robots":{"index":"index","follow":"follow","max-snippet":"max-snippet:-1","max-image-preview":"max-image-preview:large","max-video-preview":"max-video-preview:-1"},"canonical":"https:\/\/www.suptel.cz\/index.php\/spolufinancovano-evropskou-unii\/","og_locale":"cs_CZ","og_type":"article","og_title":"Spolufinancov\u00e1no Evropskou uni\u00ed - suptel.cz","og_description":"&nbsp; &nbsp; SUPTel a.s. &#8211; rozvoj zam\u011bstnanc\u016f &nbsp; &nbsp;GASSPO, spol. s r.o. &#8211; firemn\u00ed vzd\u011bl\u00e1v\u00e1n\u00ed Jsme zapojeni do v\u00fdzvy 03_23_047 &#8222;PODNIKOV\u00c9 VZD\u011aL\u00c1V\u00c1N\u00cd (1)&#8220;, kter\u00e1 je spolufinancov\u00e1na Evropskou uni\u00ed. Hlavn\u00edm c\u00edlem&nbsp;v\u00fdzvy je zv\u00fd\u0161it \u00farove\u0148 znalost\u00ed&nbsp;a dovednost\u00ed zam\u011bstnanc\u016f, a zajistit tak soulad jejich kompetentnosti s po\u017eadavky na vykon\u00e1van\u00e9 pracovn\u00ed \u010dinnosti. V\u00fdzva je zahrnuta do programu OP Zam\u011bstnanost [&hellip;]","og_url":"https:\/\/www.suptel.cz\/index.php\/spolufinancovano-evropskou-unii\/","og_site_name":"suptel.cz","article_modified_time":"2024-07-09T09:11:32+00:00","og_image":[{"url":"https:\/\/www.suptel.cz\/wp-content\/uploads\/2024\/07\/Vystrizek-300x74.jpg","type":"","width":"","height":""}],"twitter_card":"summary_large_image","twitter_misc":{"Odhadovan\u00e1 doba \u010dten\u00ed":"2 minuty"},"schema":{"@context":"https:\/\/schema.org","@graph":[{"@type":"WebPage","@id":"https:\/\/www.suptel.cz\/index.php\/spolufinancovano-evropskou-unii\/","url":"https:\/\/www.suptel.cz\/index.php\/spolufinancovano-evropskou-unii\/","name":"Spolufinancov\u00e1no Evropskou uni\u00ed - suptel.cz","isPartOf":{"@id":"https:\/\/www.suptel.cz\/#website"},"primaryImageOfPage":{"@id":"https:\/\/www.suptel.cz\/index.php\/spolufinancovano-evropskou-unii\/#primaryimage"},"image":{"@id":"https:\/\/www.suptel.cz\/index.php\/spolufinancovano-evropskou-unii\/#primaryimage"},"thumbnailUrl":"https:\/\/www.suptel.cz\/wp-content\/uploads\/2024\/07\/Vystrizek-300x74.jpg","datePublished":"2024-07-09T08:06:13+00:00","dateModified":"2024-07-09T09:11:32+00:00","breadcrumb":{"@id":"https:\/\/www.suptel.cz\/index.php\/spolufinancovano-evropskou-unii\/#breadcrumb"},"inLanguage":"cs","potentialAction":[{"@type":"ReadAction","target":["https:\/\/www.suptel.cz\/index.php\/spolufinancovano-evropskou-unii\/"]}]},{"@type":"ImageObject","inLanguage":"cs","@id":"https:\/\/www.suptel.cz\/index.php\/spolufinancovano-evropskou-unii\/#primaryimage","url":"https:\/\/www.suptel.cz\/wp-content\/uploads\/2024\/07\/Vystrizek-300x74.jpg","contentUrl":"https:\/\/www.suptel.cz\/wp-content\/uploads\/2024\/07\/Vystrizek-300x74.jpg"},{"@type":"BreadcrumbList","@id":"https:\/\/www.suptel.cz\/index.php\/spolufinancovano-evropskou-unii\/#breadcrumb","itemListElement":[{"@type":"ListItem","position":1,"name":"Dom\u016f","item":"https:\/\/www.suptel.cz\/index.php\/front-page-deutsch\/"},{"@type":"ListItem","position":2,"name":"Spolufinancov\u00e1no Evropskou uni\u00ed"}]},{"@type":"WebSite","@id":"https:\/\/www.suptel.cz\/#website","url":"https:\/\/www.suptel.cz\/","name":"suptel.cz","description":"telekomunikace, energetika, stavebnictv\u00ed, doprava a bezpe\u010dnost","publisher":{"@id":"https:\/\/www.suptel.cz\/#organization"},"potentialAction":[{"@type":"SearchAction","target":{"@type":"EntryPoint","urlTemplate":"https:\/\/www.suptel.cz\/?s={search_term_string}"},"query-input":{"@type":"PropertyValueSpecification","valueRequired":true,"valueName":"search_term_string"}}],"inLanguage":"cs"},{"@type":"Organization","@id":"https:\/\/www.suptel.cz\/#organization","name":"SUPTel a.s.","url":"https:\/\/www.suptel.cz\/","logo":{"@type":"ImageObject","inLanguage":"cs","@id":"https:\/\/www.suptel.cz\/#\/schema\/logo\/image\/","url":"https:\/\/www.suptel.cz\/wp-content\/uploads\/2021\/07\/SUPTel-claim-CZ-color-negativ-yellow-white_300.png","contentUrl":"https:\/\/www.suptel.cz\/wp-content\/uploads\/2021\/07\/SUPTel-claim-CZ-color-negativ-yellow-white_300.png","width":307,"height":155,"caption":"SUPTel a.s."},"image":{"@id":"https:\/\/www.suptel.cz\/#\/schema\/logo\/image\/"}}]}},"_links":{"self":[{"href":"https:\/\/www.suptel.cz\/index.php\/wp-json\/wp\/v2\/pages\/14199","targetHints":{"allow":["GET"]}}],"collection":[{"href":"https:\/\/www.suptel.cz\/index.php\/wp-json\/wp\/v2\/pages"}],"about":[{"href":"https:\/\/www.suptel.cz\/index.php\/wp-json\/wp\/v2\/types\/page"}],"author":[{"embeddable":true,"href":"https:\/\/www.suptel.cz\/index.php\/wp-json\/wp\/v2\/users\/1"}],"replies":[{"embeddable":true,"href":"https:\/\/www.suptel.cz\/index.php\/wp-json\/wp\/v2\/comments?post=14199"}],"version-history":[{"count":20,"href":"https:\/\/www.suptel.cz\/index.php\/wp-json\/wp\/v2\/pages\/14199\/revisions"}],"predecessor-version":[{"id":14516,"href":"https:\/\/www.suptel.cz\/index.php\/wp-json\/wp\/v2\/pages\/14199\/revisions\/14516"}],"wp:attachment":[{"href":"https:\/\/www.suptel.cz\/index.php\/wp-json\/wp\/v2\/media?parent=14199"}],"curies":[{"name":"wp","href":"https:\/\/api.w.org\/{rel}","templated":true}]}}