{"id":15159,"date":"2025-04-15T13:36:57","date_gmt":"2025-04-15T13:36:57","guid":{"rendered":"https:\/\/www.suptel.cz\/?page_id=15159"},"modified":"2025-04-15T14:06:17","modified_gmt":"2025-04-15T14:06:17","slug":"zasady-zpracovani-osobnich-udaju-gdpr","status":"publish","type":"page","link":"https:\/\/www.suptel.cz\/index.php\/zasady-zpracovani-osobnich-udaju-gdpr\/","title":{"rendered":"Z\u00e1sady zpracov\u00e1n\u00ed osobn\u00edch \u00fadaj\u016f GDPR"},"content":{"rendered":"<div data-colibri-id=\"15159-c1\" class=\"style-7497 style-local-15159-c1 position-relative\">\n  <!---->\n  <div data-colibri-component=\"section\" data-colibri-id=\"15159-c2\" id=\"initial-content\" class=\"h-section h-section-global-spacing d-flex align-items-lg-center align-items-md-center align-items-center style-7498 style-local-15159-c2 position-relative\">\n    <!---->\n    <!---->\n    <div class=\"h-section-grid-container h-section-boxed-container\">\n      <!---->\n      <div data-colibri-id=\"15159-c6\" class=\"h-row-container gutters-row-lg-2 gutters-row-md-2 gutters-row-0 gutters-row-v-lg-2 gutters-row-v-md-2 gutters-row-v-2 style-7502 style-local-15159-c6 position-relative\">\n        <!---->\n        <div class=\"h-row justify-content-lg-center justify-content-md-center justify-content-center align-items-lg-stretch align-items-md-stretch align-items-stretch gutters-col-lg-2 gutters-col-md-2 gutters-col-0 gutters-col-v-lg-2 gutters-col-v-md-2 gutters-col-v-2\">\n          <!---->\n          <div class=\"h-column h-column-container d-flex h-col-lg-auto h-col-md-auto h-col-auto style-7503-outer style-local-15159-c7-outer\">\n            <div data-colibri-id=\"15159-c7\" class=\"d-flex h-flex-basis h-column__inner h-px-lg-2 h-px-md-2 h-px-2 v-inner-lg-2 v-inner-md-2 v-inner-2 style-7503 style-local-15159-c7 position-relative\">\n              <!---->\n              <!---->\n              <div class=\"w-100 h-y-container h-column__content h-column__v-align flex-basis-100 align-self-lg-start align-self-md-start align-self-start\">\n                <!---->\n                <div data-colibri-id=\"15159-c9\" class=\"h-text h-text-component style-7505 style-local-15159-c9 position-relative h-element\">\n                  <!---->\n                  <!---->\n                  <div class=\"\">\n                    <h3>Z\u00e1sady zpracov\u00e1n\u00ed osobn\u00edch \u00fadaj\u016f<\/h3>\n                    <h4>1. Spr\u00e1vce osobn\u00edch \u00fadaj\u016f<\/h4>\n                    <p>Spole\u010dnost <strong>SUPTel a.s.<\/strong>, se s\u00eddlem H\u0159bitovn\u00ed 1322\/15, 312 00 Plze\u0148, I\u010c: 25229397, DI\u010c: CZ25229397, je spr\u00e1vcem osobn\u00edch \u00fadaj\u016f dle na\u0159\u00edzen\u00ed Evropsk\u00e9ho parlamentu a Rady (EU) 2016\/679 (GDPR).<\/p>\n                    <h4>2. \u00da\u010dely a pr\u00e1vn\u00ed z\u00e1klady zpracov\u00e1n\u00ed<\/h4>\n                    <p>Spole\u010dnost zpracov\u00e1v\u00e1 osobn\u00ed \u00fadaje za \u00fa\u010delem:<\/p>\n                    <p>\u00b7&nbsp;&nbsp;&nbsp;&nbsp;&nbsp;&nbsp;pln\u011bn\u00ed smluvn\u00edch povinnost\u00ed,<\/p>\n                    <p>\u00b7&nbsp;&nbsp;&nbsp;&nbsp;&nbsp;&nbsp;pln\u011bn\u00ed pr\u00e1vn\u00edch povinnost\u00ed,<\/p>\n                    <p>\u00b7&nbsp;&nbsp;&nbsp;&nbsp;&nbsp;&nbsp;opr\u00e1vn\u011bn\u00fdch z\u00e1jm\u016f spr\u00e1vce (nap\u0159. ochrana majetku, evidence komunikace),<\/p>\n                    <p>\u00b7&nbsp;&nbsp;&nbsp;&nbsp;&nbsp;&nbsp;v\u00fdb\u011brov\u00e9ho \u0159\u00edzen\u00ed na voln\u00e9 pracovn\u00ed pozice.<\/p>\n                    <p>\u00b7&nbsp;&nbsp;&nbsp;&nbsp;&nbsp;&nbsp;Zpracov\u00e1n\u00ed je prov\u00e1d\u011bno v rozsahu nezbytn\u00e9m pro napln\u011bn\u00ed t\u011bchto \u00fa\u010del\u016f.<\/p>\n                    <h4>3. Zdroje osobn\u00edch \u00fadaj\u016f<\/h4>\n                    <p>Osobn\u00ed \u00fadaje z\u00edsk\u00e1v\u00e1me:<\/p>\n                    <p>\u00b7&nbsp;&nbsp;&nbsp;&nbsp;&nbsp;&nbsp;p\u0159\u00edmo od subjekt\u016f \u00fadaj\u016f (nap\u0159. zam\u011bstnanci, obchodn\u00ed partne\u0159i),<\/p>\n                    <p>\u00b7&nbsp;&nbsp;&nbsp;&nbsp;&nbsp;&nbsp;z ve\u0159ejn\u00fdch zdroj\u016f,<\/p>\n                    <p>\u00b7&nbsp;&nbsp;&nbsp;&nbsp;&nbsp;&nbsp;v r\u00e1mci smluvn\u00edch vztah\u016f,<\/p>\n                    <p>\u00b7&nbsp;&nbsp;&nbsp;&nbsp;&nbsp;&nbsp;spole\u010dnost prost\u0159ednictv\u00edm sv\u00fdch webov\u00fdch str\u00e1nek neshroma\u017e\u010fuje \u017e\u00e1dn\u00e9 osobn\u00ed \u00fadaje n\u00e1v\u0161t\u011bvn\u00edk\u016f.<\/p>\n                    <h4>4. Kategorie zpracov\u00e1van\u00fdch \u00fadaj\u016f<\/h4>\n                    <p>Zpracov\u00e1v\u00e1me zejm\u00e9na tyto \u00fadaje:<\/p>\n                    <p>\u00b7&nbsp;&nbsp;&nbsp;&nbsp;&nbsp;&nbsp;identifika\u010dn\u00ed a kontaktn\u00ed \u00fadaje,<\/p>\n                    <p>\u00b7&nbsp;&nbsp;&nbsp;&nbsp;&nbsp;&nbsp;pracovn\u00ed a smluvn\u00ed \u00fadaje,<\/p>\n                    <p>\u00b7&nbsp;&nbsp;&nbsp;&nbsp;&nbsp;&nbsp;\u00fadaje nezbytn\u00e9 pro veden\u00ed \u00fa\u010detnictv\u00ed a pln\u011bn\u00ed z\u00e1konn\u00fdch povinnost\u00ed.<\/p>\n                    <h4>5. P\u0159\u00edjemci osobn\u00edch \u00fadaj\u016f<\/h4>\n                    <p>P\u0159\u00edjemci osobn\u00edch \u00fadaj\u016f jsou osoby:<\/p>\n                    <p>\u00b7&nbsp;&nbsp;&nbsp;&nbsp;&nbsp;&nbsp;pod\u00edlej\u00edc\u00ed se na dod\u00e1n\u00ed zbo\u017e\u00ed, slu\u017eeb nebo realizaci plateb na z\u00e1klad\u011b smlouvy,<\/p>\n                    <p>\u00b7&nbsp;&nbsp;&nbsp;&nbsp;&nbsp;&nbsp;pod\u00edlej\u00edc\u00ed se na v\u00fdb\u011brov\u00e9m \u0159\u00edzen\u00ed nebo n\u00e1boru zam\u011bstnanc\u016f,<\/p>\n                    <p>\u00b7&nbsp;&nbsp;&nbsp;&nbsp;&nbsp;&nbsp;zaji\u0161\u0165uj\u00edc\u00ed provozov\u00e1n\u00ed webov\u00fdch str\u00e1nek spr\u00e1vce nebo spr\u00e1vu IT syst\u00e9m\u016f.<\/p>\n                    <p>P\u0159\u00edpadn\u00e9 p\u0159ed\u00e1v\u00e1n\u00ed \u00fadaj\u016f do t\u0159et\u00edch zem\u00ed (mimo EU) se neprov\u00e1d\u00ed.<\/p>\n                    <h4>6. Doba uchov\u00e1n\u00ed \u00fadaj\u016f<\/h4>\n                    <p>Osobn\u00ed \u00fadaje uchov\u00e1v\u00e1me po dobu:<\/p>\n                    <p>\u00b7&nbsp;&nbsp;&nbsp;&nbsp;&nbsp;&nbsp;trv\u00e1n\u00ed smluvn\u00edho vztahu a d\u00e1le dle z\u00e1konn\u00fdch lh\u016ft (nap\u0159. dle da\u0148ov\u00fdch a \u00fa\u010detn\u00edch p\u0159edpis\u016f),<\/p>\n                    <p>\u00b7&nbsp;&nbsp;&nbsp;&nbsp;&nbsp;&nbsp;trv\u00e1n\u00ed pracovn\u00edho pom\u011bru a z\u00e1konn\u00fdch archiva\u010dn\u00edch lh\u016ft,<\/p>\n                    <p>\u00b7&nbsp;&nbsp;&nbsp;&nbsp;&nbsp;&nbsp;v\u00fdb\u011brov\u00fdch \u0159\u00edzen\u00ed \u2013 nejd\u00e9le po dobu 6 m\u011bs\u00edc\u016f od jejich ukon\u010den\u00ed, pokud neud\u011bl\u00edte souhlas s del\u0161\u00ed archivac\u00ed.<\/p>\n                    <h4>7. Pr\u00e1va subjekt\u016f \u00fadaj\u016f<\/h4>\n                    <p>Za podm\u00ednek stanoven\u00fdch v GDPR m\u00e1te:<\/p>\n                    <p>\u00b7&nbsp;&nbsp;&nbsp;&nbsp;&nbsp;&nbsp;pr\u00e1vo na p\u0159\u00edstup ke sv\u00fdm osobn\u00edm \u00fadaj\u016fm dle \u010dl. 15 GDPR,<\/p>\n                    <p>\u00b7&nbsp;&nbsp;&nbsp;&nbsp;&nbsp;&nbsp;pr\u00e1vo na opravu osobn\u00edch \u00fadaj\u016f dle \u010dl. 16 GDPR, pop\u0159\u00edpad\u011b omezen\u00ed zpracov\u00e1n\u00ed dle \u010dl. 18<\/p>\n                    <p>\u00b7&nbsp;&nbsp;&nbsp;&nbsp;&nbsp;&nbsp;GDPR.<\/p>\n                    <p>\u00b7&nbsp;&nbsp;&nbsp;&nbsp;&nbsp;&nbsp;pr\u00e1vo na v\u00fdmaz osobn\u00edch \u00fadaj\u016f dle \u010dl. 17 GDPR.<\/p>\n                    <p>\u00b7&nbsp;&nbsp;&nbsp;&nbsp;&nbsp;&nbsp;pr\u00e1vo vzn\u00e9st n\u00e1mitku proti zpracov\u00e1n\u00ed dle \u010dl. 21 GDPR a<\/p>\n                    <p>\u00b7&nbsp;&nbsp;&nbsp;&nbsp;&nbsp;&nbsp;pr\u00e1vo na p\u0159enositelnost \u00fadaj\u016f dle \u010dl. 20 GDPR.<\/p>\n                    <p>\u00b7&nbsp;&nbsp;&nbsp;&nbsp;&nbsp;&nbsp;pr\u00e1vo odvolat souhlas se zpracov\u00e1n\u00edm p\u00edsemn\u011b nebo elektronicky na adresu nebo email spr\u00e1vce uveden\u00fd v \u010dl. I t\u011bchto podm\u00ednek.<\/p>\n                    <p>\u00b7&nbsp;&nbsp;&nbsp;&nbsp;&nbsp;&nbsp;pr\u00e1vo podat st\u00ed\u017enost u \u00da\u0159adu pro ochranu osobn\u00edch \u00fadaj\u016f v p\u0159\u00edpad\u011b, \u017ee se domn\u00edv\u00e1te, \u017ee bylo poru\u0161eno Va\u0161e pr\u00e1vo na ochranu osobn\u00edch \u00fadaj\u016f.<\/p>\n                    <p>Sv\u00e1 pr\u00e1va m\u016f\u017eete uplatnit kontaktov\u00e1n\u00edm spole\u010dnosti na e-mailov\u00e9 adrese <strong>suptel@suptel.cz<\/strong>.<\/p>\n                    <h4>8. Zabezpe\u010den\u00ed osobn\u00edch \u00fadaj\u016f<\/h4>\n                    <p>Osobn\u00ed \u00fadaje jsou chr\u00e1n\u011bny organiza\u010dn\u00edmi a technick\u00fdmi opat\u0159en\u00edmi, zejm\u00e9na omezen\u00fdm p\u0159\u00edstupem, \u0161ifrov\u00e1n\u00edm a pravideln\u00fdm z\u00e1lohov\u00e1n\u00edm dat.<\/p>\n                    <h4>9. Z\u00e1v\u011bre\u010dn\u00e1 ustanoven\u00ed<\/h4>\n                    <p>Toto prohl\u00e1\u0161en\u00ed je ve\u0159ejn\u011b dostupn\u00e9 na internetov\u00fdch str\u00e1nk\u00e1ch spole\u010dnosti\n                      <a href=\"https:\/\/www.suptel.cz\"><strong>www.suptel.cz<\/strong><\/a>.\n                      <br> Spr\u00e1vce si vyhrazuje pr\u00e1vo tyto z\u00e1sady kdykoli aktualizovat.<\/p>\n                    <p>\n                      <br>\n                    <\/p>\n                  <\/div>\n                <\/div>\n              <\/div>\n            <\/div>\n          <\/div>\n        <\/div>\n      <\/div>\n    <\/div>\n  <\/div>\n<\/div>","protected":false},"excerpt":{"rendered":"<p>Z\u00e1sady zpracov\u00e1n\u00ed osobn\u00edch \u00fadaj\u016f 1. Spr\u00e1vce osobn\u00edch \u00fadaj\u016f Spole\u010dnost SUPTel a.s., se s\u00eddlem H\u0159bitovn\u00ed 1322\/15, 312 00 Plze\u0148, I\u010c: 25229397, DI\u010c: CZ25229397, je spr\u00e1vcem osobn\u00edch \u00fadaj\u016f dle na\u0159\u00edzen\u00ed Evropsk\u00e9ho parlamentu a Rady (EU) 2016\/679 (GDPR). 2. \u00da\u010dely a pr\u00e1vn\u00ed z\u00e1klady zpracov\u00e1n\u00ed Spole\u010dnost zpracov\u00e1v\u00e1 osobn\u00ed \u00fadaje za \u00fa\u010delem: \u00b7&nbsp;&nbsp;&nbsp;&nbsp;&nbsp;&nbsp;pln\u011bn\u00ed smluvn\u00edch povinnost\u00ed, \u00b7&nbsp;&nbsp;&nbsp;&nbsp;&nbsp;&nbsp;pln\u011bn\u00ed pr\u00e1vn\u00edch povinnost\u00ed, \u00b7&nbsp;&nbsp;&nbsp;&nbsp;&nbsp;&nbsp;opr\u00e1vn\u011bn\u00fdch z\u00e1jm\u016f [&hellip;]<\/p>\n","protected":false},"author":1,"featured_media":0,"parent":0,"menu_order":0,"comment_status":"closed","ping_status":"closed","template":"page-templates\/full-width-page.php","meta":{"footnotes":""},"class_list":["post-15159","page","type-page","status-publish","hentry"],"yoast_head":"<!-- This site is optimized with the Yoast SEO plugin v27.4 - https:\/\/yoast.com\/product\/yoast-seo-wordpress\/ -->\n<title>Z\u00e1sady zpracov\u00e1n\u00ed osobn\u00edch \u00fadaj\u016f GDPR - suptel.cz<\/title>\n<meta name=\"robots\" content=\"index, follow, max-snippet:-1, max-image-preview:large, max-video-preview:-1\" \/>\n<link rel=\"canonical\" href=\"https:\/\/www.suptel.cz\/index.php\/zasady-zpracovani-osobnich-udaju-gdpr\/\" \/>\n<meta property=\"og:locale\" content=\"cs_CZ\" \/>\n<meta property=\"og:type\" content=\"article\" \/>\n<meta property=\"og:title\" content=\"Z\u00e1sady zpracov\u00e1n\u00ed osobn\u00edch \u00fadaj\u016f GDPR - suptel.cz\" \/>\n<meta property=\"og:description\" content=\"Z\u00e1sady zpracov\u00e1n\u00ed osobn\u00edch \u00fadaj\u016f 1. Spr\u00e1vce osobn\u00edch \u00fadaj\u016f Spole\u010dnost SUPTel a.s., se s\u00eddlem H\u0159bitovn\u00ed 1322\/15, 312 00 Plze\u0148, I\u010c: 25229397, DI\u010c: CZ25229397, je spr\u00e1vcem osobn\u00edch \u00fadaj\u016f dle na\u0159\u00edzen\u00ed Evropsk\u00e9ho parlamentu a Rady (EU) 2016\/679 (GDPR). 2. \u00da\u010dely a pr\u00e1vn\u00ed z\u00e1klady zpracov\u00e1n\u00ed Spole\u010dnost zpracov\u00e1v\u00e1 osobn\u00ed \u00fadaje za \u00fa\u010delem: \u00b7&nbsp;&nbsp;&nbsp;&nbsp;&nbsp;&nbsp;pln\u011bn\u00ed smluvn\u00edch povinnost\u00ed, \u00b7&nbsp;&nbsp;&nbsp;&nbsp;&nbsp;&nbsp;pln\u011bn\u00ed pr\u00e1vn\u00edch povinnost\u00ed, \u00b7&nbsp;&nbsp;&nbsp;&nbsp;&nbsp;&nbsp;opr\u00e1vn\u011bn\u00fdch z\u00e1jm\u016f [&hellip;]\" \/>\n<meta property=\"og:url\" content=\"https:\/\/www.suptel.cz\/index.php\/zasady-zpracovani-osobnich-udaju-gdpr\/\" \/>\n<meta property=\"og:site_name\" content=\"suptel.cz\" \/>\n<meta property=\"article:modified_time\" content=\"2025-04-15T14:06:17+00:00\" \/>\n<meta name=\"twitter:card\" content=\"summary_large_image\" \/>\n<meta name=\"twitter:label1\" content=\"Odhadovan\u00e1 doba \u010dten\u00ed\" \/>\n\t<meta name=\"twitter:data1\" content=\"4 minuty\" \/>\n<script type=\"application\/ld+json\" class=\"yoast-schema-graph\">{\"@context\":\"https:\\\/\\\/schema.org\",\"@graph\":[{\"@type\":\"WebPage\",\"@id\":\"https:\\\/\\\/www.suptel.cz\\\/index.php\\\/zasady-zpracovani-osobnich-udaju-gdpr\\\/\",\"url\":\"https:\\\/\\\/www.suptel.cz\\\/index.php\\\/zasady-zpracovani-osobnich-udaju-gdpr\\\/\",\"name\":\"Z\u00e1sady zpracov\u00e1n\u00ed osobn\u00edch \u00fadaj\u016f GDPR - suptel.cz\",\"isPartOf\":{\"@id\":\"https:\\\/\\\/www.suptel.cz\\\/#website\"},\"datePublished\":\"2025-04-15T13:36:57+00:00\",\"dateModified\":\"2025-04-15T14:06:17+00:00\",\"breadcrumb\":{\"@id\":\"https:\\\/\\\/www.suptel.cz\\\/index.php\\\/zasady-zpracovani-osobnich-udaju-gdpr\\\/#breadcrumb\"},\"inLanguage\":\"cs\",\"potentialAction\":[{\"@type\":\"ReadAction\",\"target\":[\"https:\\\/\\\/www.suptel.cz\\\/index.php\\\/zasady-zpracovani-osobnich-udaju-gdpr\\\/\"]}]},{\"@type\":\"BreadcrumbList\",\"@id\":\"https:\\\/\\\/www.suptel.cz\\\/index.php\\\/zasady-zpracovani-osobnich-udaju-gdpr\\\/#breadcrumb\",\"itemListElement\":[{\"@type\":\"ListItem\",\"position\":1,\"name\":\"Dom\u016f\",\"item\":\"https:\\\/\\\/www.suptel.cz\\\/index.php\\\/front-page-deutsch\\\/\"},{\"@type\":\"ListItem\",\"position\":2,\"name\":\"Z\u00e1sady zpracov\u00e1n\u00ed osobn\u00edch \u00fadaj\u016f GDPR\"}]},{\"@type\":\"WebSite\",\"@id\":\"https:\\\/\\\/www.suptel.cz\\\/#website\",\"url\":\"https:\\\/\\\/www.suptel.cz\\\/\",\"name\":\"suptel.cz\",\"description\":\"telekomunikace, energetika, stavebnictv\u00ed, doprava a bezpe\u010dnost\",\"publisher\":{\"@id\":\"https:\\\/\\\/www.suptel.cz\\\/#organization\"},\"potentialAction\":[{\"@type\":\"SearchAction\",\"target\":{\"@type\":\"EntryPoint\",\"urlTemplate\":\"https:\\\/\\\/www.suptel.cz\\\/?s={search_term_string}\"},\"query-input\":{\"@type\":\"PropertyValueSpecification\",\"valueRequired\":true,\"valueName\":\"search_term_string\"}}],\"inLanguage\":\"cs\"},{\"@type\":\"Organization\",\"@id\":\"https:\\\/\\\/www.suptel.cz\\\/#organization\",\"name\":\"SUPTel a.s.\",\"url\":\"https:\\\/\\\/www.suptel.cz\\\/\",\"logo\":{\"@type\":\"ImageObject\",\"inLanguage\":\"cs\",\"@id\":\"https:\\\/\\\/www.suptel.cz\\\/#\\\/schema\\\/logo\\\/image\\\/\",\"url\":\"https:\\\/\\\/www.suptel.cz\\\/wp-content\\\/uploads\\\/2021\\\/07\\\/SUPTel-claim-CZ-color-negativ-yellow-white_300.png\",\"contentUrl\":\"https:\\\/\\\/www.suptel.cz\\\/wp-content\\\/uploads\\\/2021\\\/07\\\/SUPTel-claim-CZ-color-negativ-yellow-white_300.png\",\"width\":307,\"height\":155,\"caption\":\"SUPTel a.s.\"},\"image\":{\"@id\":\"https:\\\/\\\/www.suptel.cz\\\/#\\\/schema\\\/logo\\\/image\\\/\"}}]}<\/script>\n<!-- \/ Yoast SEO plugin. -->","yoast_head_json":{"title":"Z\u00e1sady zpracov\u00e1n\u00ed osobn\u00edch \u00fadaj\u016f GDPR - suptel.cz","robots":{"index":"index","follow":"follow","max-snippet":"max-snippet:-1","max-image-preview":"max-image-preview:large","max-video-preview":"max-video-preview:-1"},"canonical":"https:\/\/www.suptel.cz\/index.php\/zasady-zpracovani-osobnich-udaju-gdpr\/","og_locale":"cs_CZ","og_type":"article","og_title":"Z\u00e1sady zpracov\u00e1n\u00ed osobn\u00edch \u00fadaj\u016f GDPR - suptel.cz","og_description":"Z\u00e1sady zpracov\u00e1n\u00ed osobn\u00edch \u00fadaj\u016f 1. Spr\u00e1vce osobn\u00edch \u00fadaj\u016f Spole\u010dnost SUPTel a.s., se s\u00eddlem H\u0159bitovn\u00ed 1322\/15, 312 00 Plze\u0148, I\u010c: 25229397, DI\u010c: CZ25229397, je spr\u00e1vcem osobn\u00edch \u00fadaj\u016f dle na\u0159\u00edzen\u00ed Evropsk\u00e9ho parlamentu a Rady (EU) 2016\/679 (GDPR). 2. \u00da\u010dely a pr\u00e1vn\u00ed z\u00e1klady zpracov\u00e1n\u00ed Spole\u010dnost zpracov\u00e1v\u00e1 osobn\u00ed \u00fadaje za \u00fa\u010delem: \u00b7&nbsp;&nbsp;&nbsp;&nbsp;&nbsp;&nbsp;pln\u011bn\u00ed smluvn\u00edch povinnost\u00ed, \u00b7&nbsp;&nbsp;&nbsp;&nbsp;&nbsp;&nbsp;pln\u011bn\u00ed pr\u00e1vn\u00edch povinnost\u00ed, \u00b7&nbsp;&nbsp;&nbsp;&nbsp;&nbsp;&nbsp;opr\u00e1vn\u011bn\u00fdch z\u00e1jm\u016f [&hellip;]","og_url":"https:\/\/www.suptel.cz\/index.php\/zasady-zpracovani-osobnich-udaju-gdpr\/","og_site_name":"suptel.cz","article_modified_time":"2025-04-15T14:06:17+00:00","twitter_card":"summary_large_image","twitter_misc":{"Odhadovan\u00e1 doba \u010dten\u00ed":"4 minuty"},"schema":{"@context":"https:\/\/schema.org","@graph":[{"@type":"WebPage","@id":"https:\/\/www.suptel.cz\/index.php\/zasady-zpracovani-osobnich-udaju-gdpr\/","url":"https:\/\/www.suptel.cz\/index.php\/zasady-zpracovani-osobnich-udaju-gdpr\/","name":"Z\u00e1sady zpracov\u00e1n\u00ed osobn\u00edch \u00fadaj\u016f GDPR - suptel.cz","isPartOf":{"@id":"https:\/\/www.suptel.cz\/#website"},"datePublished":"2025-04-15T13:36:57+00:00","dateModified":"2025-04-15T14:06:17+00:00","breadcrumb":{"@id":"https:\/\/www.suptel.cz\/index.php\/zasady-zpracovani-osobnich-udaju-gdpr\/#breadcrumb"},"inLanguage":"cs","potentialAction":[{"@type":"ReadAction","target":["https:\/\/www.suptel.cz\/index.php\/zasady-zpracovani-osobnich-udaju-gdpr\/"]}]},{"@type":"BreadcrumbList","@id":"https:\/\/www.suptel.cz\/index.php\/zasady-zpracovani-osobnich-udaju-gdpr\/#breadcrumb","itemListElement":[{"@type":"ListItem","position":1,"name":"Dom\u016f","item":"https:\/\/www.suptel.cz\/index.php\/front-page-deutsch\/"},{"@type":"ListItem","position":2,"name":"Z\u00e1sady zpracov\u00e1n\u00ed osobn\u00edch \u00fadaj\u016f GDPR"}]},{"@type":"WebSite","@id":"https:\/\/www.suptel.cz\/#website","url":"https:\/\/www.suptel.cz\/","name":"suptel.cz","description":"telekomunikace, energetika, stavebnictv\u00ed, doprava a bezpe\u010dnost","publisher":{"@id":"https:\/\/www.suptel.cz\/#organization"},"potentialAction":[{"@type":"SearchAction","target":{"@type":"EntryPoint","urlTemplate":"https:\/\/www.suptel.cz\/?s={search_term_string}"},"query-input":{"@type":"PropertyValueSpecification","valueRequired":true,"valueName":"search_term_string"}}],"inLanguage":"cs"},{"@type":"Organization","@id":"https:\/\/www.suptel.cz\/#organization","name":"SUPTel a.s.","url":"https:\/\/www.suptel.cz\/","logo":{"@type":"ImageObject","inLanguage":"cs","@id":"https:\/\/www.suptel.cz\/#\/schema\/logo\/image\/","url":"https:\/\/www.suptel.cz\/wp-content\/uploads\/2021\/07\/SUPTel-claim-CZ-color-negativ-yellow-white_300.png","contentUrl":"https:\/\/www.suptel.cz\/wp-content\/uploads\/2021\/07\/SUPTel-claim-CZ-color-negativ-yellow-white_300.png","width":307,"height":155,"caption":"SUPTel a.s."},"image":{"@id":"https:\/\/www.suptel.cz\/#\/schema\/logo\/image\/"}}]}},"_links":{"self":[{"href":"https:\/\/www.suptel.cz\/index.php\/wp-json\/wp\/v2\/pages\/15159","targetHints":{"allow":["GET"]}}],"collection":[{"href":"https:\/\/www.suptel.cz\/index.php\/wp-json\/wp\/v2\/pages"}],"about":[{"href":"https:\/\/www.suptel.cz\/index.php\/wp-json\/wp\/v2\/types\/page"}],"author":[{"embeddable":true,"href":"https:\/\/www.suptel.cz\/index.php\/wp-json\/wp\/v2\/users\/1"}],"replies":[{"embeddable":true,"href":"https:\/\/www.suptel.cz\/index.php\/wp-json\/wp\/v2\/comments?post=15159"}],"version-history":[{"count":5,"href":"https:\/\/www.suptel.cz\/index.php\/wp-json\/wp\/v2\/pages\/15159\/revisions"}],"predecessor-version":[{"id":15200,"href":"https:\/\/www.suptel.cz\/index.php\/wp-json\/wp\/v2\/pages\/15159\/revisions\/15200"}],"wp:attachment":[{"href":"https:\/\/www.suptel.cz\/index.php\/wp-json\/wp\/v2\/media?parent=15159"}],"curies":[{"name":"wp","href":"https:\/\/api.w.org\/{rel}","templated":true}]}}